{"id":7499,"date":"2025-08-25T16:56:57","date_gmt":"2025-08-25T16:56:57","guid":{"rendered":"https:\/\/www.manuelvzcorporate.com\/home\/"},"modified":"2025-12-22T09:20:49","modified_gmt":"2025-12-22T09:20:49","slug":"photographe-evenementiel-corporate","status":"publish","type":"page","link":"https:\/\/www.manuelvzcorporate.com\/en\/","title":{"rendered":"Manuel VZ corporate"},"content":{"rendered":"<div data-elementor-type=\"wp-page\" data-elementor-id=\"7499\" class=\"elementor elementor-7499\">\n\t\t\t\t<div class=\"elementor-element elementor-element-2cb5f4f e-flex e-con-boxed e-con e-parent\" data-id=\"2cb5f4f\" data-element_type=\"container\" data-settings=\"{&quot;background_background&quot;:&quot;classic&quot;}\">\n\t\t\t\t\t<div class=\"e-con-inner\">\n\t\t<div class=\"elementor-element elementor-element-fe6a729 e-con-full e-flex e-con e-child\" data-id=\"fe6a729\" data-element_type=\"container\">\n\t\t\t\t<div class=\"elementor-element elementor-element-de48581 elementor-widget elementor-widget-heading\" data-id=\"de48581\" data-element_type=\"widget\" data-widget_type=\"heading.default\">\n\t\t\t\t<div class=\"elementor-widget-container\">\n\t\t\t\t\t<h1 class=\"elementor-heading-title elementor-size-default\">Corporate Photographer in Toulouse<\/h1>\t\t\t\t<\/div>\n\t\t\t\t<\/div>\n\t\t\t\t<div class=\"elementor-element elementor-element-7962f17 elementor-widget-divider--view-line elementor-widget elementor-widget-divider\" data-id=\"7962f17\" data-element_type=\"widget\" data-widget_type=\"divider.default\">\n\t\t\t\t<div class=\"elementor-widget-container\">\n\t\t\t\t\t\t\t<div class=\"elementor-divider\">\n\t\t\t<span class=\"elementor-divider-separator\">\n\t\t\t\t\t\t<\/span>\n\t\t<\/div>\n\t\t\t\t\t\t<\/div>\n\t\t\t\t<\/div>\n\t\t\t\t<div class=\"elementor-element elementor-element-c7345d2 elementor-invisible elementor-widget elementor-widget-heading\" data-id=\"c7345d2\" data-element_type=\"widget\" data-settings=\"{&quot;_animation&quot;:&quot;lightSpeedIn&quot;}\" data-widget_type=\"heading.default\">\n\t\t\t\t<div class=\"elementor-widget-container\">\n\t\t\t\t\t<h2 class=\"elementor-heading-title elementor-size-default\">Professional at the Service of Your Brand<\/h2>\t\t\t\t<\/div>\n\t\t\t\t<\/div>\n\t\t\t\t<\/div>\n\t\t\t\t\t<\/div>\n\t\t\t\t<\/div>\n\t\t<div class=\"elementor-element elementor-element-27c68e2 e-flex e-con-boxed e-con e-parent\" data-id=\"27c68e2\" data-element_type=\"container\">\n\t\t\t\t\t<div class=\"e-con-inner\">\n\t\t\t\t<div class=\"elementor-element elementor-element-d725273 elementor-widget elementor-widget-html\" data-id=\"d725273\" data-element_type=\"widget\" data-widget_type=\"html.default\">\n\t\t\t\t<div class=\"elementor-widget-container\">\n\t\t\t\t\t<script type=\"application\/ld+json\">\n{\n  \"@context\": \"https:\/\/schema.org\",\n  \"@type\": \"BreadcrumbList\",\n  \"itemListElement\": [\n    {\n      \"@type\": \"ListItem\",\n      \"position\": 1,\n      \"name\": \"Accueil\",\n      \"item\": \"https:\/\/www.manuelvzcorporate.com\/\"\n    },\n    {\n      \"@type\": \"ListItem\",\n      \"position\": 2,\n      \"name\": \"Photographe Culinaire \u00e0 Toulouse\",\n      \"item\": \"https:\/\/www.manuelvzcorporate.com\/photographe-culinaire-a-toulouse\/\"\n    }\n  ]\n}\n<\/script>\n\t\t\t\t<\/div>\n\t\t\t\t<\/div>\n\t\t\t\t\t<\/div>\n\t\t\t\t<\/div>\n\t\t<div class=\"elementor-element elementor-element-bea32f4 e-flex e-con-boxed e-con e-parent\" data-id=\"bea32f4\" data-element_type=\"container\">\n\t\t\t\t\t<div class=\"e-con-inner\">\n\t\t\t\t<div class=\"elementor-element elementor-element-0b67f61 elementor-widget elementor-widget-html\" data-id=\"0b67f61\" data-element_type=\"widget\" data-widget_type=\"html.default\">\n\t\t\t\t<div class=\"elementor-widget-container\">\n\t\t\t\t\t<script type=\"application\/ld+json\">\n{\n  \"@context\": \"https:\/\/schema.org\",\n  \"@type\": \"LocalBusiness\",\n  \"name\": \"Manuel VZ Corporate - Photographe Culinaire\",\n  \"description\": \"Photographe culinaire professionnel \u00e0 Toulouse, sp\u00e9cialis\u00e9 dans la capture d'images app\u00e9tissantes pour restaurants, livres de cuisine et marques alimentaires.\",\n  \"address\": {\n    \"@type\": \"PostalAddress\",\n    \"streetAddress\": \"1 Rue du Ch\u00e2teau d'Eau\",\n    \"addressLocality\": \"Roquefort-sur-Garonne\",\n    \"postalCode\": \"31360\",\n    \"addressRegion\": \"Haute-Garonne\",\n    \"addressCountry\": \"FR\"\n  },\n  \"telephone\": \"+33612345678\",\n  \"url\": \"https:\/\/www.manuelvzcorporate.com\/photographe-culinaire-a-toulouse\/\",\n  \"image\": \"https:\/\/www.manuelvzcorporate.com\/wp-content\/uploads\/manuel-vz-corporate-photographe-culinaire.jpg\"\n}\n<\/script>\n\t\t\t\t<\/div>\n\t\t\t\t<\/div>\n\t\t\t\t\t<\/div>\n\t\t\t\t<\/div>\n\t\t<div class=\"elementor-element elementor-element-a777f48 e-flex e-con-boxed e-con e-parent\" data-id=\"a777f48\" data-element_type=\"container\" data-settings=\"{&quot;background_background&quot;:&quot;classic&quot;}\">\n\t\t\t\t\t<div class=\"e-con-inner\">\n\t\t\t\t<div class=\"elementor-element elementor-element-d0a53a7 elementor-widget elementor-widget-text-editor\" data-id=\"d0a53a7\" data-element_type=\"widget\" data-widget_type=\"text-editor.default\">\n\t\t\t\t<div class=\"elementor-widget-container\">\n\t\t\t\t\t\t\t\t\t<p class=\"whitespace-break-spaces\" dir=\"auto\"><strong>As a corporate and food photographer based in Toulouse, I transform your events and creations into <span class=\"followup-block followup-block-hidden cursor-pointer outline-none static inline group-hover\/message:[--hover-opacity:1]\" tabindex=\"0\" data-question=\"Quelles techniques utilises-tu pour cr\u00e9er des images qui marquent les esprits et se d\u00e9marquent?\" aria-haspopup=\"dialog\" aria-expanded=\"false\" aria-controls=\"radix-_r_10v_\" data-state=\"closed\">images percutantes et m\u00e9morables<\/span>.<\/strong><\/p><p class=\"whitespace-break-spaces\" dir=\"auto\">With a <strong><span class=\"followup-block followup-block-hidden cursor-pointer outline-none static inline group-hover\/message:[--hover-opacity:1]\" tabindex=\"0\" data-question=\"Quels \u00e9l\u00e9ments concrets rendent ton approche photographique vraiment sur-mesure pour chaque client?\" aria-haspopup=\"dialog\" aria-expanded=\"false\" aria-controls=\"radix-_r_110_\" data-state=\"closed\">a tailor-made and creative approach<\/span><\/strong>I dedicate a specific amount of time to the <span class=\"followup-block followup-block-hidden cursor-pointer outline-none static inline group-hover\/message:[--hover-opacity:1]\" tabindex=\"0\" data-question=\"Comment d\u00e9finis-tu la direction artistique dans tes projets, et en quoi est-ce diff\u00e9rent d\u2019une simple s\u00e9ance photo?\" aria-haspopup=\"dialog\" aria-expanded=\"false\" aria-controls=\"radix-_r_111_\" data-state=\"closed\">artistic direction<\/span> to understand your needs and offer you solutions <strong>unique and aligned with your identity<\/strong>. Whether it's for:<\/p><ul><li><strong>Your corporate events<\/strong> : dynamic reports, professional portraits, or key moments immortalized with elegance.<\/li><li><strong>Your gastronomy<\/strong> : some <span class=\"followup-block followup-block-hidden cursor-pointer outline-none static inline group-hover\/message:[--hover-opacity:1]\" tabindex=\"0\" data-question=\"Quels d\u00e9fis rencontres-tu souvent en photographie culinaire, et comment les surmontes-tu?\" aria-haspopup=\"dialog\" aria-expanded=\"false\" aria-controls=\"radix-_r_112_\" data-state=\"closed\">culinary photos that enhance your dishes<\/span> and tell the story of your expertise.<\/li><\/ul><p class=\"whitespace-break-spaces\" dir=\"auto\">Each project is handled with <strong>passion, professionalism and an artistic eye<\/strong>, for results that <span class=\"followup-block followup-block-hidden cursor-pointer outline-none static inline group-hover\/message:[--hover-opacity:1]\" tabindex=\"0\" data-question=\"Peux-tu partager un exemple o\u00f9 tes photos ont eu un impact concret sur la communication d\u2019un client?\" aria-haspopup=\"dialog\" aria-expanded=\"false\" aria-controls=\"radix-_r_113_\" data-state=\"closed\">they strengthen your communication and leave a lasting impression.<\/span>Discover how my services can enhance your image.<\/p>\t\t\t\t\t\t\t\t<\/div>\n\t\t\t\t<\/div>\n\t\t\t\t\t<\/div>\n\t\t\t\t<\/div>\n\t\t<div class=\"elementor-element elementor-element-0b71956 e-flex e-con-boxed e-con e-parent\" data-id=\"0b71956\" data-element_type=\"container\">\n\t\t\t\t\t<div class=\"e-con-inner\">\n\t\t<div class=\"elementor-element elementor-element-8749745 e-con-full e-flex e-con e-child\" data-id=\"8749745\" data-element_type=\"container\">\n\t\t\t\t<div class=\"elementor-element elementor-element-a6309f5 elementor-widget elementor-widget-heading\" data-id=\"a6309f5\" data-element_type=\"widget\" data-widget_type=\"heading.default\">\n\t\t\t\t<div class=\"elementor-widget-container\">\n\t\t\t\t\t<h2 class=\"elementor-heading-title elementor-size-default\">Tailor-made services for your corporate events<\/h2>\t\t\t\t<\/div>\n\t\t\t\t<\/div>\n\t\t\t\t<div class=\"elementor-element elementor-element-45f6245 elementor-widget-divider--view-line elementor-widget elementor-widget-divider\" data-id=\"45f6245\" data-element_type=\"widget\" data-widget_type=\"divider.default\">\n\t\t\t\t<div class=\"elementor-widget-container\">\n\t\t\t\t\t\t\t<div class=\"elementor-divider\">\n\t\t\t<span class=\"elementor-divider-separator\">\n\t\t\t\t\t\t<\/span>\n\t\t<\/div>\n\t\t\t\t\t\t<\/div>\n\t\t\t\t<\/div>\n\t\t\t\t<div class=\"elementor-element elementor-element-d2d699d elementor-widget elementor-widget-text-editor\" data-id=\"d2d699d\" data-element_type=\"widget\" data-widget_type=\"text-editor.default\">\n\t\t\t\t<div class=\"elementor-widget-container\">\n\t\t\t\t\t\t\t\t\t<p dir=\"auto\">As a <strong>corporate event photographer<\/strong>, I capture the essence of your key moments. <strong>Whether<\/strong> for a seminar or a launch, each project is treated <strong>with creativity and professionalism<\/strong>.<\/p><p dir=\"auto\">My services include:<\/p><ul><li><strong>Complete photo reports<\/strong> for your events.<\/li><li><strong>Corporate portraits<\/strong> that value your teams.<\/li><li><strong>Images aligned with your brand<\/strong>, ready to be used.<\/li><\/ul><p dir=\"auto\"><strong>So<\/strong>, your memories become tools <strong>impactful and memorable<\/strong>. <strong>Finally<\/strong>, I adapt to your needs for results <strong>in your image<\/strong>.<\/p>\t\t\t\t\t\t\t\t<\/div>\n\t\t\t\t<\/div>\n\t\t\t\t<div class=\"elementor-element elementor-element-350dba4 elementor-align-left elementor-mobile-align-center elementor-widget elementor-widget-button\" data-id=\"350dba4\" data-element_type=\"widget\" data-widget_type=\"button.default\">\n\t\t\t\t<div class=\"elementor-widget-container\">\n\t\t\t\t\t\t\t\t\t<div class=\"elementor-button-wrapper\">\n\t\t\t\t\t<a class=\"elementor-button elementor-button-link elementor-size-sm\" href=\"https:\/\/www.manuelvzcorporate.com\/en\/photographe-corporate-a-toulouse\/\">\n\t\t\t\t\t\t<span class=\"elementor-button-content-wrapper\">\n\t\t\t\t\t\t\t\t\t<span class=\"elementor-button-text\">my services<\/span>\n\t\t\t\t\t<\/span>\n\t\t\t\t\t<\/a>\n\t\t\t\t<\/div>\n\t\t\t\t\t\t\t\t<\/div>\n\t\t\t\t<\/div>\n\t\t\t\t<\/div>\n\t\t<div class=\"elementor-element elementor-element-5562e5d e-con-full e-flex e-con e-child\" data-id=\"5562e5d\" data-element_type=\"container\">\n\t\t\t\t<div class=\"elementor-element elementor-element-4acb82a elementor-widget elementor-widget-image\" data-id=\"4acb82a\" data-element_type=\"widget\" data-widget_type=\"image.default\">\n\t\t\t\t<div class=\"elementor-widget-container\">\n\t\t\t\t\t\t\t\t\t\t\t\t\t\t\t<img fetchpriority=\"high\" decoding=\"async\" width=\"1024\" height=\"683\" src=\"https:\/\/www.manuelvzcorporate.com\/wp-content\/uploads\/2025\/08\/soireegalaandes513-1024x683.webp\" class=\"attachment-large size-large wp-image-7717\" alt=\"Capturer l\u2019essence des personnalit\u00e9s publiques avec professionnalisme et discr\u00e9tion. Cette photo, repr\u00e9sentant Fran\u00e7ois Bayrou, Maire de Pau, et Patrick Apper\u00e9, Pr\u00e9sident de l\u2019Andes, t\u00e9moigne de ma capacit\u00e9 \u00e0 immortaliser les moments cl\u00e9s de vos \u00e9v\u00e9nements institutionnels ou corporate. En tant que photographe corporate \u00e0 Toulouse, je sais mettre en valeur les \u00e9changes et les personnalit\u00e9s, tout en respectant l\u2019importance de l\u2019instant. Des images \u00e9l\u00e9gantes, naturelles et percutantes, pour sublimer votre communication et vos relations publiques.\" srcset=\"https:\/\/www.manuelvzcorporate.com\/wp-content\/uploads\/2025\/08\/soireegalaandes513-1024x683.webp 1024w, https:\/\/www.manuelvzcorporate.com\/wp-content\/uploads\/2025\/08\/soireegalaandes513-300x200.webp 300w, https:\/\/www.manuelvzcorporate.com\/wp-content\/uploads\/2025\/08\/soireegalaandes513-768x512.webp 768w, https:\/\/www.manuelvzcorporate.com\/wp-content\/uploads\/2025\/08\/soireegalaandes513-1536x1024.webp 1536w, https:\/\/www.manuelvzcorporate.com\/wp-content\/uploads\/2025\/08\/soireegalaandes513.webp 1920w\" sizes=\"(max-width: 1024px) 100vw, 1024px\" \/>\t\t\t\t\t\t\t\t\t\t\t\t\t\t\t<\/div>\n\t\t\t\t<\/div>\n\t\t\t\t<div class=\"elementor-element elementor-element-ff223f6 elementor-widget elementor-widget-image\" data-id=\"ff223f6\" data-element_type=\"widget\" data-widget_type=\"image.default\">\n\t\t\t\t<div class=\"elementor-widget-container\">\n\t\t\t\t\t\t\t\t\t\t\t\t\t\t\t<img decoding=\"async\" width=\"2560\" height=\"1707\" src=\"https:\/\/www.manuelvzcorporate.com\/wp-content\/uploads\/2025\/08\/00000041-scaled.webp\" class=\"attachment-full size-full wp-image-7720\" alt=\"Des prestations sur-mesure pour vos \u00e9v\u00e9nements d\u2019entreprise, comme ce moment convivial captur\u00e9 lors d\u2019un lancement ou s\u00e9minaire corporate. En tant que photographe \u00e9v\u00e9nementiel corporate, je sais immortaliser l\u2019authenticit\u00e9 et l\u2019\u00e9nergie de vos \u00e9changes. Ici, chaque d\u00e9tail compte : des reportages photo complets aux portraits naturels, pour des images align\u00e9es sur votre marque et pr\u00eates \u00e0 sublimer votre communication. Parce que vos \u00e9v\u00e9nements m\u00e9ritent des souvenirs percutants et m\u00e9morables, je m\u2019adapte \u00e0 vos besoins pour des r\u00e9sultats \u00e0 votre image.\" srcset=\"https:\/\/www.manuelvzcorporate.com\/wp-content\/uploads\/2025\/08\/00000041-scaled.webp 2560w, https:\/\/www.manuelvzcorporate.com\/wp-content\/uploads\/2025\/08\/00000041-300x200.webp 300w, https:\/\/www.manuelvzcorporate.com\/wp-content\/uploads\/2025\/08\/00000041-1024x683.webp 1024w, https:\/\/www.manuelvzcorporate.com\/wp-content\/uploads\/2025\/08\/00000041-768x512.webp 768w, https:\/\/www.manuelvzcorporate.com\/wp-content\/uploads\/2025\/08\/00000041-1536x1024.webp 1536w, https:\/\/www.manuelvzcorporate.com\/wp-content\/uploads\/2025\/08\/00000041-2048x1365.webp 2048w\" sizes=\"(max-width: 2560px) 100vw, 2560px\" \/>\t\t\t\t\t\t\t\t\t\t\t\t\t\t\t<\/div>\n\t\t\t\t<\/div>\n\t\t\t\t<div class=\"elementor-element elementor-element-4830203 elementor-widget elementor-widget-image\" data-id=\"4830203\" data-element_type=\"widget\" data-widget_type=\"image.default\">\n\t\t\t\t<div class=\"elementor-widget-container\">\n\t\t\t\t\t\t\t\t\t\t\t\t\t\t\t<img decoding=\"async\" width=\"1920\" height=\"1280\" src=\"https:\/\/www.manuelvzcorporate.com\/wp-content\/uploads\/2025\/09\/302.webp\" class=\"attachment-full size-full wp-image-7802\" alt=\"\u2019\u00e9nergie collective et la coh\u00e9sion d\u2019\u00e9quipe, saisies sur le vif. En tant que photographe corporate \u00e0 Toulouse, je sais comment sublimer les instants de partage et de c\u00e9l\u00e9bration. Des photos dynamiques et naturelles, qui refl\u00e8tent la vitalit\u00e9 de votre entreprise et inspirent vos collaborateurs comme vos clients. Parfait pour vos supports de communication interne et externe !\" srcset=\"https:\/\/www.manuelvzcorporate.com\/wp-content\/uploads\/2025\/09\/302.webp 1920w, https:\/\/www.manuelvzcorporate.com\/wp-content\/uploads\/2025\/09\/302-300x200.webp 300w, https:\/\/www.manuelvzcorporate.com\/wp-content\/uploads\/2025\/09\/302-1024x683.webp 1024w, https:\/\/www.manuelvzcorporate.com\/wp-content\/uploads\/2025\/09\/302-768x512.webp 768w, https:\/\/www.manuelvzcorporate.com\/wp-content\/uploads\/2025\/09\/302-1536x1024.webp 1536w, https:\/\/www.manuelvzcorporate.com\/wp-content\/uploads\/2025\/09\/302-18x12.webp 18w\" sizes=\"(max-width: 1920px) 100vw, 1920px\" \/>\t\t\t\t\t\t\t\t\t\t\t\t\t\t\t<\/div>\n\t\t\t\t<\/div>\n\t\t\t\t<\/div>\n\t\t<div class=\"elementor-element elementor-element-59f4f8b e-con-full e-flex e-con e-child\" data-id=\"59f4f8b\" data-element_type=\"container\">\n\t\t\t\t<div class=\"elementor-element elementor-element-2d92528 elementor-widget elementor-widget-image\" data-id=\"2d92528\" data-element_type=\"widget\" data-widget_type=\"image.default\">\n\t\t\t\t<div class=\"elementor-widget-container\">\n\t\t\t\t\t\t\t\t\t\t\t\t\t\t\t<img loading=\"lazy\" decoding=\"async\" width=\"1920\" height=\"1280\" src=\"https:\/\/www.manuelvzcorporate.com\/wp-content\/uploads\/2025\/08\/00000138.webp\" class=\"attachment-full size-full wp-image-7721\" alt=\"Des souvenirs professionnels inoubliables, captur\u00e9s par votre photographe corporate \u00e0 Toulouse. Ce moment de joie et de complicit\u00e9, saisi lors d\u2019un \u00e9v\u00e9nement d\u2019envergure, illustre parfaitement mon expertise : des images authentiques et dynamiques pour valoriser vos \u00e9quipes et vos partenaires. En tant que photographe corporate \u00e0 Toulouse, je mets en lumi\u00e8re l\u2019\u00e9nergie et l\u2019\u00e9motion de vos \u00e9v\u00e9nements, pour des clich\u00e9s percutants et align\u00e9s sur votre image. Parce que chaque instant compte, je transforme vos moments cl\u00e9s en visuels m\u00e9morables et professionnels.\" srcset=\"https:\/\/www.manuelvzcorporate.com\/wp-content\/uploads\/2025\/08\/00000138.webp 1920w, https:\/\/www.manuelvzcorporate.com\/wp-content\/uploads\/2025\/08\/00000138-300x200.webp 300w, https:\/\/www.manuelvzcorporate.com\/wp-content\/uploads\/2025\/08\/00000138-1024x683.webp 1024w, https:\/\/www.manuelvzcorporate.com\/wp-content\/uploads\/2025\/08\/00000138-768x512.webp 768w, https:\/\/www.manuelvzcorporate.com\/wp-content\/uploads\/2025\/08\/00000138-1536x1024.webp 1536w\" sizes=\"(max-width: 1920px) 100vw, 1920px\" \/>\t\t\t\t\t\t\t\t\t\t\t\t\t\t\t<\/div>\n\t\t\t\t<\/div>\n\t\t\t\t<div class=\"elementor-element elementor-element-b53c4d3 elementor-widget elementor-widget-image\" data-id=\"b53c4d3\" data-element_type=\"widget\" data-widget_type=\"image.default\">\n\t\t\t\t<div class=\"elementor-widget-container\">\n\t\t\t\t\t\t\t\t\t\t\t\t\t\t\t<img loading=\"lazy\" decoding=\"async\" width=\"1024\" height=\"683\" src=\"https:\/\/www.manuelvzcorporate.com\/wp-content\/uploads\/2025\/09\/98-1024x683.webp\" class=\"attachment-large size-large wp-image-7805\" alt=\"Des images qui parlent au c\u0153ur de votre audience. Mon travail de photographe corporate \u00e0 Toulouse ne se limite pas \u00e0 des clich\u00e9s : je capture l\u2019humain, les liens et les valeurs qui animent votre entreprise. Des portraits spontan\u00e9s aux moments de complicit\u00e9, je cr\u00e9e des visuels qui renforcent votre culture d\u2019entreprise et votre identit\u00e9 visuelle.\" srcset=\"https:\/\/www.manuelvzcorporate.com\/wp-content\/uploads\/2025\/09\/98-1024x683.webp 1024w, https:\/\/www.manuelvzcorporate.com\/wp-content\/uploads\/2025\/09\/98-300x200.webp 300w, https:\/\/www.manuelvzcorporate.com\/wp-content\/uploads\/2025\/09\/98-768x512.webp 768w, https:\/\/www.manuelvzcorporate.com\/wp-content\/uploads\/2025\/09\/98-1536x1024.webp 1536w, https:\/\/www.manuelvzcorporate.com\/wp-content\/uploads\/2025\/09\/98-18x12.webp 18w, https:\/\/www.manuelvzcorporate.com\/wp-content\/uploads\/2025\/09\/98.webp 1920w\" sizes=\"(max-width: 1024px) 100vw, 1024px\" \/>\t\t\t\t\t\t\t\t\t\t\t\t\t\t\t<\/div>\n\t\t\t\t<\/div>\n\t\t\t\t<div class=\"elementor-element elementor-element-872d2f5 elementor-widget elementor-widget-image\" data-id=\"872d2f5\" data-element_type=\"widget\" data-widget_type=\"image.default\">\n\t\t\t\t<div class=\"elementor-widget-container\">\n\t\t\t\t\t\t\t\t\t\t\t\t\t\t\t<img loading=\"lazy\" decoding=\"async\" width=\"1024\" height=\"683\" src=\"https:\/\/www.manuelvzcorporate.com\/wp-content\/uploads\/2025\/09\/46-1024x683.webp\" class=\"attachment-large size-large wp-image-7804\" alt=\"Plongez au c\u0153ur de l\u2019univers artisanal et passionn\u00e9 de vos collaborateurs ou partenaires. En tant que photographe corporate \u00e0 Toulouse, je sais capturer l\u2019essence des m\u00e9tiers, des savoir-faire et des moments de travail qui font la richesse de votre entreprise. Cette image illustre mon talent pour mettre en lumi\u00e8re les d\u00e9tails, les gestes pr\u00e9cis et l\u2019engagement des professionnels, dans un cadre chaleureux et authentique. Des photos qui racontent une histoire, valorisent vos \u00e9quipes et renforcent votre communication interne comme externe. Parfait pour vos reportages m\u00e9tiers, vos portraits d\u2019\u00e9quipe ou vos supports de communication corporate.\" srcset=\"https:\/\/www.manuelvzcorporate.com\/wp-content\/uploads\/2025\/09\/46-1024x683.webp 1024w, https:\/\/www.manuelvzcorporate.com\/wp-content\/uploads\/2025\/09\/46-300x200.webp 300w, https:\/\/www.manuelvzcorporate.com\/wp-content\/uploads\/2025\/09\/46-768x512.webp 768w, https:\/\/www.manuelvzcorporate.com\/wp-content\/uploads\/2025\/09\/46-1536x1024.webp 1536w, https:\/\/www.manuelvzcorporate.com\/wp-content\/uploads\/2025\/09\/46-18x12.webp 18w, https:\/\/www.manuelvzcorporate.com\/wp-content\/uploads\/2025\/09\/46.webp 1920w\" sizes=\"(max-width: 1024px) 100vw, 1024px\" \/>\t\t\t\t\t\t\t\t\t\t\t\t\t\t\t<\/div>\n\t\t\t\t<\/div>\n\t\t\t\t<\/div>\n\t\t\t\t\t<\/div>\n\t\t\t\t<\/div>\n\t\t<div class=\"elementor-element elementor-element-24c68a1 e-flex e-con-boxed e-con e-parent\" data-id=\"24c68a1\" data-element_type=\"container\" data-settings=\"{&quot;background_background&quot;:&quot;classic&quot;}\">\n\t\t\t\t\t<div class=\"e-con-inner\">\n\t\t<div class=\"elementor-element elementor-element-c761d1d e-con-full e-flex e-con e-child\" data-id=\"c761d1d\" data-element_type=\"container\">\n\t\t\t\t<div class=\"elementor-element elementor-element-c004b04 elementor-widget elementor-widget-heading\" data-id=\"c004b04\" data-element_type=\"widget\" data-widget_type=\"heading.default\">\n\t\t\t\t<div class=\"elementor-widget-container\">\n\t\t\t\t\t<h2 class=\"elementor-heading-title elementor-size-default\">Behind the lens: Manuel VZ, your corporate photographer in Toulouse<\/h2>\t\t\t\t<\/div>\n\t\t\t\t<\/div>\n\t\t\t\t<div class=\"elementor-element elementor-element-93ea5d2 elementor-widget-divider--view-line elementor-widget elementor-widget-divider\" data-id=\"93ea5d2\" data-element_type=\"widget\" data-widget_type=\"divider.default\">\n\t\t\t\t<div class=\"elementor-widget-container\">\n\t\t\t\t\t\t\t<div class=\"elementor-divider\">\n\t\t\t<span class=\"elementor-divider-separator\">\n\t\t\t\t\t\t<\/span>\n\t\t<\/div>\n\t\t\t\t\t\t<\/div>\n\t\t\t\t<\/div>\n\t\t\t\t<div class=\"elementor-element elementor-element-ccfcc53 elementor-widget elementor-widget-text-editor\" data-id=\"ccfcc53\" data-element_type=\"widget\" data-widget_type=\"text-editor.default\">\n\t\t\t\t<div class=\"elementor-widget-container\">\n\t\t\t\t\t\t\t\t\t<p>I am <strong>corporate event photographer<\/strong> : I capture the energy of your events for your business. Behind every shot, there is <strong>my expertise, my passion and my unique perspective<\/strong> \u2013 inherited from years of practice and a love of photography passed down since childhood. Here you will discover <strong>who I am, what drives me<\/strong>, and how my background shapes my approach to <strong>enhance your projects with authenticity and professionalism.<\/strong>.<\/p>\t\t\t\t\t\t\t\t<\/div>\n\t\t\t\t<\/div>\n\t\t\t\t<div class=\"elementor-element elementor-element-6ac07a6 elementor-align-left elementor-mobile-align-center elementor-widget elementor-widget-button\" data-id=\"6ac07a6\" data-element_type=\"widget\" data-widget_type=\"button.default\">\n\t\t\t\t<div class=\"elementor-widget-container\">\n\t\t\t\t\t\t\t\t\t<div class=\"elementor-button-wrapper\">\n\t\t\t\t\t<a class=\"elementor-button elementor-button-link elementor-size-sm\" href=\"https:\/\/www.manuelvzcorporate.com\/en\/photographe-professionnel-dentreprise\/\">\n\t\t\t\t\t\t<span class=\"elementor-button-content-wrapper\">\n\t\t\t\t\t\t<span class=\"elementor-button-icon\">\n\t\t\t\t<i aria-hidden=\"true\" class=\"fas fa-long-arrow-alt-right\"><\/i>\t\t\t<\/span>\n\t\t\t\t\t\t\t\t\t<span class=\"elementor-button-text\">Discover myself<\/span>\n\t\t\t\t\t<\/span>\n\t\t\t\t\t<\/a>\n\t\t\t\t<\/div>\n\t\t\t\t\t\t\t\t<\/div>\n\t\t\t\t<\/div>\n\t\t\t\t<\/div>\n\t\t\t\t\t<\/div>\n\t\t\t\t<\/div>\n\t\t<div class=\"elementor-element elementor-element-6c6ebd3 e-flex e-con-boxed e-con e-parent\" data-id=\"6c6ebd3\" data-element_type=\"container\">\n\t\t\t\t\t<div class=\"e-con-inner\">\n\t\t<div class=\"elementor-element elementor-element-137eb1b e-con-full e-flex e-con e-child\" data-id=\"137eb1b\" data-element_type=\"container\">\n\t\t\t\t<div class=\"elementor-element elementor-element-04eb1c1 elementor-widget-divider--view-line elementor-widget elementor-widget-divider\" data-id=\"04eb1c1\" data-element_type=\"widget\" data-widget_type=\"divider.default\">\n\t\t\t\t<div class=\"elementor-widget-container\">\n\t\t\t\t\t\t\t<div class=\"elementor-divider\">\n\t\t\t<span class=\"elementor-divider-separator\">\n\t\t\t\t\t\t<\/span>\n\t\t<\/div>\n\t\t\t\t\t\t<\/div>\n\t\t\t\t<\/div>\n\t\t\t\t<div class=\"elementor-element elementor-element-0c185ca elementor-widget elementor-widget-heading\" data-id=\"0c185ca\" data-element_type=\"widget\" data-widget_type=\"heading.default\">\n\t\t\t\t<div class=\"elementor-widget-container\">\n\t\t\t\t\t<h2 class=\"elementor-heading-title elementor-size-default\">Food photography: the art of showcasing gastronomy at its finest<\/h2>\t\t\t\t<\/div>\n\t\t\t\t<\/div>\n\t\t\t\t<div class=\"elementor-element elementor-element-1832773 elementor-widget elementor-widget-text-editor\" data-id=\"1832773\" data-element_type=\"widget\" data-widget_type=\"text-editor.default\">\n\t\t\t\t<div class=\"elementor-widget-container\">\n\t\t\t\t\t\t\t\t\t<p>Passionate about the encounter between <strong>technique and emotion<\/strong>I put my expertise in food photography at the service of chefs and restaurants to capture the essence of their creations.<\/p><p>Mastering reflections, <span class=\"followup-block followup-block-hidden cursor-pointer outline-none static inline group-hover\/message:[--hover-opacity:1]\" tabindex=\"0\" data-question=\"Quelles techniques d\u2019\u00e9clairage utilises-tu pour mettre en valeur les textures et les couleurs des plats ?\" aria-haspopup=\"dialog\" aria-expanded=\"false\" aria-controls=\"radix-_r_is_\" data-state=\"closed\">play of light contrasts<\/span>and inspiration drawn from <strong><span class=\"followup-block followup-block-hidden cursor-pointer outline-none static inline group-hover\/message:[--hover-opacity:1]\" tabindex=\"0\" data-question=\"Quels artistes ou mouvements des natures mortes t\u2019inspirent le plus dans ta photographie culinaire ?\" aria-haspopup=\"dialog\" aria-expanded=\"false\" aria-controls=\"radix-_r_it_\" data-state=\"closed\">classical still lifes<\/span><\/strong> : each image tells a story, while respecting the universe and rhythm of the kitchens.<\/p><p>Whether it's for a menu, a book, or a campaign, I transform dishes into timeless visual works, fully integrating myself into the team as a <span class=\"followup-block followup-block-hidden cursor-pointer outline-none static inline group-hover\/message:[--hover-opacity:1]\" tabindex=\"0\" data-question=\"Comment collabores-tu concr\u00e8tement avec les chefs et leurs \u00e9quipes pendant une s\u00e9ance photo ?\" aria-haspopup=\"dialog\" aria-expanded=\"false\" aria-controls=\"radix-_r_iu_\" data-state=\"closed\">creative partner<\/span>.<\/p>\t\t\t\t\t\t\t\t<\/div>\n\t\t\t\t<\/div>\n\t\t\t\t<\/div>\n\t\t<div class=\"elementor-element elementor-element-c61c8c0 e-con-full e-flex e-con e-child\" data-id=\"c61c8c0\" data-element_type=\"container\">\n\t\t\t\t<div class=\"elementor-element elementor-element-8833e42 elementor-widget elementor-widget-image\" data-id=\"8833e42\" data-element_type=\"widget\" data-widget_type=\"image.default\">\n\t\t\t\t<div class=\"elementor-widget-container\">\n\t\t\t\t\t\t\t\t\t\t\t\t\t\t\t<img loading=\"lazy\" decoding=\"async\" width=\"1920\" height=\"1280\" src=\"https:\/\/www.manuelvzcorporate.com\/wp-content\/uploads\/2025\/11\/41.jpg\" class=\"attachment-full size-full wp-image-7888\" alt=\"Une touche finale apport\u00e9e \u00e0 une assiette gastronomique : une r\u00e2pe d\u00e9pose des zestes dor\u00e9s sur un plat savamment compos\u00e9. Un morceau de viande croustillante, des l\u00e9gumes fondants et une sauce brillante s\u2019harmonisent sur une assiette aux reflets subtils. La lumi\u00e8re rasante souligne les textures et les contrastes, capturant l\u2019instant o\u00f9 la pr\u00e9cision rencontre la gourmandise.\" srcset=\"https:\/\/www.manuelvzcorporate.com\/wp-content\/uploads\/2025\/11\/41.jpg 1920w, https:\/\/www.manuelvzcorporate.com\/wp-content\/uploads\/2025\/11\/41-300x200.jpg 300w, https:\/\/www.manuelvzcorporate.com\/wp-content\/uploads\/2025\/11\/41-1024x683.jpg 1024w, https:\/\/www.manuelvzcorporate.com\/wp-content\/uploads\/2025\/11\/41-768x512.jpg 768w, https:\/\/www.manuelvzcorporate.com\/wp-content\/uploads\/2025\/11\/41-1536x1024.jpg 1536w, https:\/\/www.manuelvzcorporate.com\/wp-content\/uploads\/2025\/11\/41-18x12.jpg 18w\" sizes=\"(max-width: 1920px) 100vw, 1920px\" \/>\t\t\t\t\t\t\t\t\t\t\t\t\t\t\t<\/div>\n\t\t\t\t<\/div>\n\t\t\t\t<div class=\"elementor-element elementor-element-b07f4af elementor-align-left elementor-mobile-align-center elementor-widget elementor-widget-button\" data-id=\"b07f4af\" data-element_type=\"widget\" data-widget_type=\"button.default\">\n\t\t\t\t<div class=\"elementor-widget-container\">\n\t\t\t\t\t\t\t\t\t<div class=\"elementor-button-wrapper\">\n\t\t\t\t\t<a class=\"elementor-button elementor-button-link elementor-size-sm\" href=\"https:\/\/www.manuelvzcorporate.com\/en\/photographe-culinaire-a-toulouse\/\">\n\t\t\t\t\t\t<span class=\"elementor-button-content-wrapper\">\n\t\t\t\t\t\t\t\t\t<span class=\"elementor-button-text\">D\u00e9couvrir mon travail en photographie culinaire<\/span>\n\t\t\t\t\t<\/span>\n\t\t\t\t\t<\/a>\n\t\t\t\t<\/div>\n\t\t\t\t\t\t\t\t<\/div>\n\t\t\t\t<\/div>\n\t\t\t\t<\/div>\n\t\t\t\t\t<\/div>\n\t\t\t\t<\/div>\n\t\t\t\t<section class=\"elementor-section elementor-top-section elementor-element elementor-element-dd294b1 elementor-section-boxed elementor-section-height-default elementor-section-height-default\" data-id=\"dd294b1\" data-element_type=\"section\">\n\t\t\t\t\t\t<div class=\"elementor-container elementor-column-gap-default\">\n\t\t\t\t\t<div class=\"elementor-column elementor-col-100 elementor-top-column elementor-element elementor-element-fc15ced\" data-id=\"fc15ced\" data-element_type=\"column\">\n\t\t\t<div class=\"elementor-widget-wrap elementor-element-populated\">\n\t\t\t\t\t\t<div class=\"elementor-element elementor-element-309def1 elementor-widget elementor-widget-heading\" data-id=\"309def1\" data-element_type=\"widget\" data-widget_type=\"heading.default\">\n\t\t\t\t<div class=\"elementor-widget-container\">\n\t\t\t\t\t<h2 class=\"elementor-heading-title elementor-size-default\">Delighted customers!<\/h2>\t\t\t\t<\/div>\n\t\t\t\t<\/div>\n\t\t\t\t<div class=\"elementor-element elementor-element-6856d3a elementor-widget-divider--view-line elementor-widget elementor-widget-divider\" data-id=\"6856d3a\" data-element_type=\"widget\" data-widget_type=\"divider.default\">\n\t\t\t\t<div class=\"elementor-widget-container\">\n\t\t\t\t\t\t\t<div class=\"elementor-divider\">\n\t\t\t<span class=\"elementor-divider-separator\">\n\t\t\t\t\t\t<\/span>\n\t\t<\/div>\n\t\t\t\t\t\t<\/div>\n\t\t\t\t<\/div>\n\t\t<div class=\"elementor-element elementor-element-7ec722a e-con-full e-flex e-con e-parent\" data-id=\"7ec722a\" data-element_type=\"container\">\n\t\t<div class=\"elementor-element elementor-element-15ad1fb e-con-full e-flex e-con e-child\" data-id=\"15ad1fb\" data-element_type=\"container\">\n\t\t\t\t<div class=\"elementor-element elementor-element-481f6f5 elementor-widget elementor-widget-text-editor\" data-id=\"481f6f5\" data-element_type=\"widget\" data-widget_type=\"text-editor.default\">\n\t\t\t\t<div class=\"elementor-widget-container\">\n\t\t\t\t\t\t\t\t\t<p>Hello Manuel,<\/p><p>Je te remercie vivement pour ta participation et les photos qui sont tops.<\/p>\t\t\t\t\t\t\t\t<\/div>\n\t\t\t\t<\/div>\n\t\t\t\t<div class=\"elementor-element elementor-element-17a8bb7 elementor-widget elementor-widget-image\" data-id=\"17a8bb7\" data-element_type=\"widget\" data-widget_type=\"image.default\">\n\t\t\t\t<div class=\"elementor-widget-container\">\n\t\t\t\t\t\t\t\t\t\t\t\t\t\t\t<img loading=\"lazy\" decoding=\"async\" width=\"1024\" height=\"790\" src=\"https:\/\/www.manuelvzcorporate.com\/wp-content\/uploads\/2025\/08\/100000403-1024x790.jpg\" class=\"attachment-large size-large wp-image-7669\" alt=\"Julien Lazorthe, PDG d\u2019Etolosa, partage son retour sur notre collaboration. &quot;Les photos sont tops !&quot; \u2013 Un avis 5\/5 qui refl\u00e8te l\u2019engagement et la qualit\u00e9 de mon travail pour sublimer vos \u00e9v\u00e9nements d\u2019entreprise. Merci pour cette confiance, Julien !\" srcset=\"https:\/\/www.manuelvzcorporate.com\/wp-content\/uploads\/2025\/08\/100000403-1024x790.jpg 1024w, https:\/\/www.manuelvzcorporate.com\/wp-content\/uploads\/2025\/08\/100000403-300x231.jpg 300w, https:\/\/www.manuelvzcorporate.com\/wp-content\/uploads\/2025\/08\/100000403-768x592.jpg 768w, https:\/\/www.manuelvzcorporate.com\/wp-content\/uploads\/2025\/08\/100000403-1536x1185.jpg 1536w, https:\/\/www.manuelvzcorporate.com\/wp-content\/uploads\/2025\/08\/100000403.jpg 1920w\" sizes=\"(max-width: 1024px) 100vw, 1024px\" \/>\t\t\t\t\t\t\t\t\t\t\t\t\t\t\t<\/div>\n\t\t\t\t<\/div>\n\t\t\t\t<div class=\"elementor-element elementor-element-fed3c53 elementor-star-rating--align-center elementor--star-style-star_fontawesome elementor-widget elementor-widget-star-rating\" data-id=\"fed3c53\" data-element_type=\"widget\" data-widget_type=\"star-rating.default\">\n\t\t\t\t<div class=\"elementor-widget-container\">\n\t\t\t\t\t\t\t<div class=\"elementor-star-rating__wrapper\">\n\t\t\t\t\t\t<div class=\"elementor-star-rating\" itemtype=\"http:\/\/schema.org\/Rating\" itemscope=\"\" itemprop=\"reviewRating\">\n\t\t\t\t<i class=\"elementor-star-full\" aria-hidden=\"true\">&#xE933;<\/i><i class=\"elementor-star-full\" aria-hidden=\"true\">&#xE933;<\/i><i class=\"elementor-star-full\" aria-hidden=\"true\">&#xE933;<\/i><i class=\"elementor-star-full\" aria-hidden=\"true\">&#xE933;<\/i><i class=\"elementor-star-full\" aria-hidden=\"true\">&#xE933;<\/i>\t\t\t\t<span itemprop=\"ratingValue\" class=\"elementor-screen-only\">Not\u00e9 5 sur 5<\/span>\n\t\t\t<\/div>\n\t\t<\/div>\n\t\t\t\t\t\t<\/div>\n\t\t\t\t<\/div>\n\t\t\t\t<div class=\"elementor-element elementor-element-20a497b elementor-widget elementor-widget-heading\" data-id=\"20a497b\" data-element_type=\"widget\" data-widget_type=\"heading.default\">\n\t\t\t\t<div class=\"elementor-widget-container\">\n\t\t\t\t\t<h4 class=\"elementor-heading-title elementor-size-medium\">Julien LAZORTHE<\/h4>\t\t\t\t<\/div>\n\t\t\t\t<\/div>\n\t\t\t\t<div class=\"elementor-element elementor-element-c5d1969 elementor-widget elementor-widget-heading\" data-id=\"c5d1969\" data-element_type=\"widget\" data-widget_type=\"heading.default\">\n\t\t\t\t<div class=\"elementor-widget-container\">\n\t\t\t\t\t<div class=\"elementor-heading-title elementor-size-default\">PDG et repreneur d\u2019ETOLOSA<\/div>\t\t\t\t<\/div>\n\t\t\t\t<\/div>\n\t\t<div class=\"elementor-element elementor-element-4873f4d e-con-full e-flex e-con e-child\" data-id=\"4873f4d\" data-element_type=\"container\">\n\t\t\t\t<\/div>\n\t\t\t\t<\/div>\n\t\t<div class=\"elementor-element elementor-element-d04313b e-con-full e-flex e-con e-child\" data-id=\"d04313b\" data-element_type=\"container\">\n\t\t\t\t<div class=\"elementor-element elementor-element-20ee25d elementor-widget elementor-widget-text-editor\" data-id=\"20ee25d\" data-element_type=\"widget\" data-widget_type=\"text-editor.default\">\n\t\t\t\t<div class=\"elementor-widget-container\">\n\t\t\t\t\t\t\t\t\t<p>Bonjour Manuel,<\/p><p>Merci pour ce superbe travail et ta rapidit\u00e9 !<\/p>\t\t\t\t\t\t\t\t<\/div>\n\t\t\t\t<\/div>\n\t\t\t\t<div class=\"elementor-element elementor-element-39ff169 elementor-widget elementor-widget-image\" data-id=\"39ff169\" data-element_type=\"widget\" data-widget_type=\"image.default\">\n\t\t\t\t<div class=\"elementor-widget-container\">\n\t\t\t\t\t\t\t\t\t\t\t\t\t\t\t<img loading=\"lazy\" decoding=\"async\" width=\"1024\" height=\"855\" src=\"https:\/\/www.manuelvzcorporate.com\/wp-content\/uploads\/2025\/08\/546-1-1024x855.jpg\" class=\"attachment-large size-large wp-image-7673\" alt=\"Philippe Durr, Pr\u00e9sident de l\u2019association Corrida P\u00e9destre, salue notre collaboration. &quot;Un superbe travail et une rapidit\u00e9 remarquable !&quot; \u2013 5\/5 pour des prestations qui allient qualit\u00e9 et r\u00e9activit\u00e9. Merci, Philippe, pour votre confiance !\" srcset=\"https:\/\/www.manuelvzcorporate.com\/wp-content\/uploads\/2025\/08\/546-1-1024x855.jpg 1024w, https:\/\/www.manuelvzcorporate.com\/wp-content\/uploads\/2025\/08\/546-1-300x251.jpg 300w, https:\/\/www.manuelvzcorporate.com\/wp-content\/uploads\/2025\/08\/546-1-768x642.jpg 768w, https:\/\/www.manuelvzcorporate.com\/wp-content\/uploads\/2025\/08\/546-1-1536x1283.jpg 1536w, https:\/\/www.manuelvzcorporate.com\/wp-content\/uploads\/2025\/08\/546-1.jpg 1920w\" sizes=\"(max-width: 1024px) 100vw, 1024px\" \/>\t\t\t\t\t\t\t\t\t\t\t\t\t\t\t<\/div>\n\t\t\t\t<\/div>\n\t\t\t\t<div class=\"elementor-element elementor-element-2717f35 elementor-star-rating--align-center elementor--star-style-star_fontawesome elementor-widget elementor-widget-star-rating\" data-id=\"2717f35\" data-element_type=\"widget\" data-widget_type=\"star-rating.default\">\n\t\t\t\t<div class=\"elementor-widget-container\">\n\t\t\t\t\t\t\t<div class=\"elementor-star-rating__wrapper\">\n\t\t\t\t\t\t<div class=\"elementor-star-rating\" itemtype=\"http:\/\/schema.org\/Rating\" itemscope=\"\" itemprop=\"reviewRating\">\n\t\t\t\t<i class=\"elementor-star-full\" aria-hidden=\"true\">&#xE933;<\/i><i class=\"elementor-star-full\" aria-hidden=\"true\">&#xE933;<\/i><i class=\"elementor-star-full\" aria-hidden=\"true\">&#xE933;<\/i><i class=\"elementor-star-full\" aria-hidden=\"true\">&#xE933;<\/i><i class=\"elementor-star-full\" aria-hidden=\"true\">&#xE933;<\/i>\t\t\t\t<span itemprop=\"ratingValue\" class=\"elementor-screen-only\">Not\u00e9 5 sur 5<\/span>\n\t\t\t<\/div>\n\t\t<\/div>\n\t\t\t\t\t\t<\/div>\n\t\t\t\t<\/div>\n\t\t\t\t<div class=\"elementor-element elementor-element-32542ae elementor-widget elementor-widget-heading\" data-id=\"32542ae\" data-element_type=\"widget\" data-widget_type=\"heading.default\">\n\t\t\t\t<div class=\"elementor-widget-container\">\n\t\t\t\t\t<h4 class=\"elementor-heading-title elementor-size-medium\">Philippe DURR<\/h4>\t\t\t\t<\/div>\n\t\t\t\t<\/div>\n\t\t\t\t<div class=\"elementor-element elementor-element-d126f75 elementor-widget elementor-widget-heading\" data-id=\"d126f75\" data-element_type=\"widget\" data-widget_type=\"heading.default\">\n\t\t\t\t<div class=\"elementor-widget-container\">\n\t\t\t\t\t<div class=\"elementor-heading-title elementor-size-default\">Pr\u00e9sident association Corrida P\u00e9destre<\/div>\t\t\t\t<\/div>\n\t\t\t\t<\/div>\n\t\t<div class=\"elementor-element elementor-element-2d4ceda e-con-full e-flex e-con e-child\" data-id=\"2d4ceda\" data-element_type=\"container\">\n\t\t\t\t<\/div>\n\t\t\t\t<\/div>\n\t\t<div class=\"elementor-element elementor-element-edcee5c e-con-full e-flex e-con e-child\" data-id=\"edcee5c\" data-element_type=\"container\">\n\t\t\t\t<div class=\"elementor-element elementor-element-85a51a1 elementor-widget elementor-widget-text-editor\" data-id=\"85a51a1\" data-element_type=\"widget\" data-widget_type=\"text-editor.default\">\n\t\t\t\t<div class=\"elementor-widget-container\">\n\t\t\t\t\t\t\t\t\t<p>Coucou Manu\u00a0!<\/p><p>Je te remercie pour ton travail et nous sommes tous contents de travailler avec toi.<\/p>\t\t\t\t\t\t\t\t<\/div>\n\t\t\t\t<\/div>\n\t\t\t\t<div class=\"elementor-element elementor-element-c163d11 elementor-widget elementor-widget-image\" data-id=\"c163d11\" data-element_type=\"widget\" data-widget_type=\"image.default\">\n\t\t\t\t<div class=\"elementor-widget-container\">\n\t\t\t\t\t\t\t\t\t\t\t\t\t\t\t<img loading=\"lazy\" decoding=\"async\" width=\"1024\" height=\"683\" src=\"https:\/\/www.manuelvzcorporate.com\/wp-content\/uploads\/2025\/08\/1414-1024x683.jpg\" class=\"attachment-large size-large wp-image-7674\" alt=\"Odeyssa Denis, Charg\u00e9e de communication chez Andes, t\u00e9moigne de notre collaboration. &quot;Un grand merci pour ton travail \u2013 toute l\u2019\u00e9quipe est ravie de collaborer avec toi !&quot; \u2013 5\/5 pour un photographe \u00e9v\u00e9nementiel corporate qui allie professionnalisme et convivialit\u00e9. Merci pour cette belle confiance, Odeyssa !\" srcset=\"https:\/\/www.manuelvzcorporate.com\/wp-content\/uploads\/2025\/08\/1414-1024x683.jpg 1024w, https:\/\/www.manuelvzcorporate.com\/wp-content\/uploads\/2025\/08\/1414-300x200.jpg 300w, https:\/\/www.manuelvzcorporate.com\/wp-content\/uploads\/2025\/08\/1414-768x512.jpg 768w, https:\/\/www.manuelvzcorporate.com\/wp-content\/uploads\/2025\/08\/1414-1536x1024.jpg 1536w, https:\/\/www.manuelvzcorporate.com\/wp-content\/uploads\/2025\/08\/1414.jpg 1920w\" sizes=\"(max-width: 1024px) 100vw, 1024px\" \/>\t\t\t\t\t\t\t\t\t\t\t\t\t\t\t<\/div>\n\t\t\t\t<\/div>\n\t\t\t\t<div class=\"elementor-element elementor-element-3378b17 elementor-star-rating--align-center elementor--star-style-star_fontawesome elementor-widget elementor-widget-star-rating\" data-id=\"3378b17\" data-element_type=\"widget\" data-widget_type=\"star-rating.default\">\n\t\t\t\t<div class=\"elementor-widget-container\">\n\t\t\t\t\t\t\t<div class=\"elementor-star-rating__wrapper\">\n\t\t\t\t\t\t<div class=\"elementor-star-rating\" itemtype=\"http:\/\/schema.org\/Rating\" itemscope=\"\" itemprop=\"reviewRating\">\n\t\t\t\t<i class=\"elementor-star-full\" aria-hidden=\"true\">&#xE933;<\/i><i class=\"elementor-star-full\" aria-hidden=\"true\">&#xE933;<\/i><i class=\"elementor-star-full\" aria-hidden=\"true\">&#xE933;<\/i><i class=\"elementor-star-full\" aria-hidden=\"true\">&#xE933;<\/i><i class=\"elementor-star-full\" aria-hidden=\"true\">&#xE933;<\/i>\t\t\t\t<span itemprop=\"ratingValue\" class=\"elementor-screen-only\">Not\u00e9 5 sur 5<\/span>\n\t\t\t<\/div>\n\t\t<\/div>\n\t\t\t\t\t\t<\/div>\n\t\t\t\t<\/div>\n\t\t\t\t<div class=\"elementor-element elementor-element-e784bba elementor-widget elementor-widget-heading\" data-id=\"e784bba\" data-element_type=\"widget\" data-widget_type=\"heading.default\">\n\t\t\t\t<div class=\"elementor-widget-container\">\n\t\t\t\t\t<h4 class=\"elementor-heading-title elementor-size-medium\">Odeyssa DENIS<\/h4>\t\t\t\t<\/div>\n\t\t\t\t<\/div>\n\t\t\t\t<div class=\"elementor-element elementor-element-e96a6d4 elementor-widget elementor-widget-heading\" data-id=\"e96a6d4\" data-element_type=\"widget\" data-widget_type=\"heading.default\">\n\t\t\t\t<div class=\"elementor-widget-container\">\n\t\t\t\t\t<div class=\"elementor-heading-title elementor-size-default\">Charg\u00e9e de communication ANDES<\/div>\t\t\t\t<\/div>\n\t\t\t\t<\/div>\n\t\t<div class=\"elementor-element elementor-element-167ae29 e-con-full e-flex e-con e-child\" data-id=\"167ae29\" data-element_type=\"container\">\n\t\t\t\t<\/div>\n\t\t\t\t<\/div>\n\t\t<div class=\"elementor-element elementor-element-d28b5d1 e-con-full e-flex e-con e-child\" data-id=\"d28b5d1\" data-element_type=\"container\">\n\t\t\t\t<div class=\"elementor-element elementor-element-08a743f elementor-widget elementor-widget-text-editor\" data-id=\"08a743f\" data-element_type=\"widget\" data-widget_type=\"text-editor.default\">\n\t\t\t\t<div class=\"elementor-widget-container\">\n\t\t\t\t\t\t\t\t\t<p>Mille mercis pour ton amiti\u00e9 et ton professionnalisme.<\/p>\t\t\t\t\t\t\t\t<\/div>\n\t\t\t\t<\/div>\n\t\t\t\t<div class=\"elementor-element elementor-element-bf87fa7 elementor-widget elementor-widget-image\" data-id=\"bf87fa7\" data-element_type=\"widget\" data-widget_type=\"image.default\">\n\t\t\t\t<div class=\"elementor-widget-container\">\n\t\t\t\t\t\t\t\t\t\t\t\t\t\t\t<img loading=\"lazy\" decoding=\"async\" width=\"1024\" height=\"681\" src=\"https:\/\/www.manuelvzcorporate.com\/wp-content\/uploads\/2025\/08\/1148-1-1024x681.jpg\" class=\"attachment-large size-large wp-image-7672\" alt=\"Philippe Maure, Pr\u00e9sident de F\u00eates-nous confiance, parle de notre partenariat. &quot;Mille mercis pour ton amiti\u00e9, ton professionnalisme et notre complicit\u00e9 !&quot; \u2013 5\/5 pour un photographe \u00e9v\u00e9nementiel corporate qui allie expertise et relation humaine. Merci, Philippe, pour cette aventure partag\u00e9e !\" srcset=\"https:\/\/www.manuelvzcorporate.com\/wp-content\/uploads\/2025\/08\/1148-1-1024x681.jpg 1024w, https:\/\/www.manuelvzcorporate.com\/wp-content\/uploads\/2025\/08\/1148-1-300x200.jpg 300w, https:\/\/www.manuelvzcorporate.com\/wp-content\/uploads\/2025\/08\/1148-1-768x511.jpg 768w, https:\/\/www.manuelvzcorporate.com\/wp-content\/uploads\/2025\/08\/1148-1-1536x1022.jpg 1536w, https:\/\/www.manuelvzcorporate.com\/wp-content\/uploads\/2025\/08\/1148-1-2048x1363.jpg 2048w\" sizes=\"(max-width: 1024px) 100vw, 1024px\" \/>\t\t\t\t\t\t\t\t\t\t\t\t\t\t\t<\/div>\n\t\t\t\t<\/div>\n\t\t\t\t<div class=\"elementor-element elementor-element-3c67e81 elementor-star-rating--align-center elementor--star-style-star_fontawesome elementor-widget elementor-widget-star-rating\" data-id=\"3c67e81\" data-element_type=\"widget\" data-widget_type=\"star-rating.default\">\n\t\t\t\t<div class=\"elementor-widget-container\">\n\t\t\t\t\t\t\t<div class=\"elementor-star-rating__wrapper\">\n\t\t\t\t\t\t<div class=\"elementor-star-rating\" itemtype=\"http:\/\/schema.org\/Rating\" itemscope=\"\" itemprop=\"reviewRating\">\n\t\t\t\t<i class=\"elementor-star-full\" aria-hidden=\"true\">&#xE933;<\/i><i class=\"elementor-star-full\" aria-hidden=\"true\">&#xE933;<\/i><i class=\"elementor-star-full\" aria-hidden=\"true\">&#xE933;<\/i><i class=\"elementor-star-full\" aria-hidden=\"true\">&#xE933;<\/i><i class=\"elementor-star-full\" aria-hidden=\"true\">&#xE933;<\/i>\t\t\t\t<span itemprop=\"ratingValue\" class=\"elementor-screen-only\">Not\u00e9 5 sur 5<\/span>\n\t\t\t<\/div>\n\t\t<\/div>\n\t\t\t\t\t\t<\/div>\n\t\t\t\t<\/div>\n\t\t\t\t<div class=\"elementor-element elementor-element-ba194d0 elementor-widget elementor-widget-heading\" data-id=\"ba194d0\" data-element_type=\"widget\" data-widget_type=\"heading.default\">\n\t\t\t\t<div class=\"elementor-widget-container\">\n\t\t\t\t\t<h4 class=\"elementor-heading-title elementor-size-medium\">Philippe MAURE<\/h4>\t\t\t\t<\/div>\n\t\t\t\t<\/div>\n\t\t\t\t<div class=\"elementor-element elementor-element-ec46cba elementor-widget elementor-widget-heading\" data-id=\"ec46cba\" data-element_type=\"widget\" data-widget_type=\"heading.default\">\n\t\t\t\t<div class=\"elementor-widget-container\">\n\t\t\t\t\t<div class=\"elementor-heading-title elementor-size-default\">Pr\u00e9sident de l\u2019agence \u00e9v\u00e8nementielle F\u00eates-nous confiance et de la cave des verres et d\u00e9coupes.<\/div>\t\t\t\t<\/div>\n\t\t\t\t<\/div>\n\t\t<div class=\"elementor-element elementor-element-a5ab78a e-con-full e-flex e-con e-child\" data-id=\"a5ab78a\" data-element_type=\"container\">\n\t\t\t\t<\/div>\n\t\t\t\t<\/div>\n\t\t\t\t<\/div>\n\t\t\t\t\t<\/div>\n\t\t<\/div>\n\t\t\t\t\t<\/div>\n\t\t<\/section>\n\t\t\t\t<section class=\"elementor-section elementor-top-section elementor-element elementor-element-2bb007c elementor-section-boxed elementor-section-height-default elementor-section-height-default\" data-id=\"2bb007c\" data-element_type=\"section\" data-settings=\"{&quot;background_background&quot;:&quot;classic&quot;}\">\n\t\t\t\t\t\t<div class=\"elementor-container elementor-column-gap-default\">\n\t\t\t\t\t<div class=\"elementor-column elementor-col-100 elementor-top-column elementor-element elementor-element-1bbd588\" data-id=\"1bbd588\" data-element_type=\"column\">\n\t\t\t<div class=\"elementor-widget-wrap elementor-element-populated\">\n\t\t\t\t\t\t<div class=\"elementor-element elementor-element-c304e9d elementor-widget elementor-widget-heading\" data-id=\"c304e9d\" data-element_type=\"widget\" data-widget_type=\"heading.default\">\n\t\t\t\t<div class=\"elementor-widget-container\">\n\t\t\t\t\t<h2 class=\"elementor-heading-title elementor-size-default\">Les entreprises qui m'ont fait confiance<\/h2>\t\t\t\t<\/div>\n\t\t\t\t<\/div>\n\t\t\t\t<div class=\"elementor-element elementor-element-88fb642 elementor-arrows-position-outside elementor-widget elementor-widget-image-carousel\" data-id=\"88fb642\" data-element_type=\"widget\" data-settings=\"{&quot;slides_to_show&quot;:&quot;5&quot;,&quot;slides_to_show_tablet&quot;:&quot;3&quot;,&quot;slides_to_show_mobile&quot;:&quot;1&quot;,&quot;slides_to_scroll&quot;:&quot;1&quot;,&quot;navigation&quot;:&quot;arrows&quot;,&quot;autoplay&quot;:&quot;yes&quot;,&quot;pause_on_hover&quot;:&quot;yes&quot;,&quot;pause_on_interaction&quot;:&quot;yes&quot;,&quot;autoplay_speed&quot;:5000,&quot;infinite&quot;:&quot;yes&quot;,&quot;speed&quot;:500}\" data-widget_type=\"image-carousel.default\">\n\t\t\t\t<div class=\"elementor-widget-container\">\n\t\t\t\t\t\t\t<div class=\"elementor-image-carousel-wrapper swiper\" role=\"region\" aria-roledescription=\"carousel\" aria-label=\"Carrousel d\u2019images\" dir=\"ltr\">\n\t\t\t<div class=\"elementor-image-carousel swiper-wrapper\" aria-live=\"off\">\n\t\t\t\t\t\t\t\t<div class=\"swiper-slide\" role=\"group\" aria-roledescription=\"slide\" aria-label=\"1 sur 11\"><figure class=\"swiper-slide-inner\"><img decoding=\"async\" class=\"swiper-slide-image\" src=\"https:\/\/www.manuelvzcorporate.com\/wp-content\/uploads\/2025\/08\/coca-cola-150x150.png\" alt=\"coca cola, entreprise de Castanet Tolosan\" \/><figcaption class=\"elementor-image-carousel-caption\">Coca-Cola<\/figcaption><\/figure><\/div><div class=\"swiper-slide\" role=\"group\" aria-roledescription=\"slide\" aria-label=\"2 sur 11\"><figure class=\"swiper-slide-inner\"><img decoding=\"async\" class=\"swiper-slide-image\" src=\"https:\/\/www.manuelvzcorporate.com\/wp-content\/uploads\/2025\/08\/9SOHh5JZ_400x400-150x150.jpg\" alt=\"entreprise de levage et de manutention Aquitiane et Occitanie\" \/><figcaption class=\"elementor-image-carousel-caption\">Mediaco<\/figcaption><\/figure><\/div><div class=\"swiper-slide\" role=\"group\" aria-roledescription=\"slide\" aria-label=\"3 sur 11\"><figure class=\"swiper-slide-inner\"><img decoding=\"async\" class=\"swiper-slide-image\" src=\"https:\/\/www.manuelvzcorporate.com\/wp-content\/uploads\/2025\/10\/1200px-Nexity-logo-150x150.png\" alt=\"Ils me font confiance : Nexity\" \/><figcaption class=\"elementor-image-carousel-caption\">Nexity<\/figcaption><\/figure><\/div><div class=\"swiper-slide\" role=\"group\" aria-roledescription=\"slide\" aria-label=\"4 sur 11\"><figure class=\"swiper-slide-inner\"><img decoding=\"async\" class=\"swiper-slide-image\" src=\"https:\/\/www.manuelvzcorporate.com\/wp-content\/uploads\/2025\/09\/Visuel-Ikea-150x150.webp\" alt=\"Ils me font confiance :IKEA TOULOUSE\" \/><figcaption class=\"elementor-image-carousel-caption\">IKEA TOULOUSE<\/figcaption><\/figure><\/div><div class=\"swiper-slide\" role=\"group\" aria-roledescription=\"slide\" aria-label=\"5 sur 11\"><figure class=\"swiper-slide-inner\"><img decoding=\"async\" class=\"swiper-slide-image\" src=\"https:\/\/www.manuelvzcorporate.com\/wp-content\/uploads\/2025\/08\/images-1-150x150.jpeg\" alt=\"images\" \/><figcaption class=\"elementor-image-carousel-caption\">Corrida p\u00e9destre<\/figcaption><\/figure><\/div><div class=\"swiper-slide\" role=\"group\" aria-roledescription=\"slide\" aria-label=\"6 sur 11\"><figure class=\"swiper-slide-inner\"><img decoding=\"async\" class=\"swiper-slide-image\" src=\"https:\/\/www.manuelvzcorporate.com\/wp-content\/uploads\/2025\/08\/logo-andes-150x150.png\" alt=\"Agence nationale des \u00e9lus en charge du sport\" \/><figcaption class=\"elementor-image-carousel-caption\">Andes<\/figcaption><\/figure><\/div><div class=\"swiper-slide\" role=\"group\" aria-roledescription=\"slide\" aria-label=\"7 sur 11\"><figure class=\"swiper-slide-inner\"><img decoding=\"async\" class=\"swiper-slide-image\" src=\"https:\/\/www.manuelvzcorporate.com\/wp-content\/uploads\/2025\/08\/logo_golf_estolosa-150x150.jpg\" alt=\"logo golf estolosa\" \/><figcaption class=\"elementor-image-carousel-caption\">Estolosa<\/figcaption><\/figure><\/div><div class=\"swiper-slide\" role=\"group\" aria-roledescription=\"slide\" aria-label=\"8 sur 11\"><figure class=\"swiper-slide-inner\"><img decoding=\"async\" class=\"swiper-slide-image\" src=\"https:\/\/www.manuelvzcorporate.com\/wp-content\/uploads\/2025\/08\/Image1-150x150.png\" alt=\"image1\" \/><figcaption class=\"elementor-image-carousel-caption\">Fetes-nous confiance !<\/figcaption><\/figure><\/div><div class=\"swiper-slide\" role=\"group\" aria-roledescription=\"slide\" aria-label=\"9 sur 11\"><figure class=\"swiper-slide-inner\"><img decoding=\"async\" class=\"swiper-slide-image\" src=\"https:\/\/www.manuelvzcorporate.com\/wp-content\/uploads\/2025\/08\/lempernesse-150x150.webp\" alt=\"Ils me font confiance : Eric Lempernesse\" \/><figcaption class=\"elementor-image-carousel-caption\">Eric Lempernesse<\/figcaption><\/figure><\/div><div class=\"swiper-slide\" role=\"group\" aria-roledescription=\"slide\" aria-label=\"10 sur 11\"><figure class=\"swiper-slide-inner\"><img decoding=\"async\" class=\"swiper-slide-image\" src=\"https:\/\/www.manuelvzcorporate.com\/wp-content\/uploads\/2025\/09\/images-150x150.png\" alt=\"Ann&#039;events dirig\u00e9e par Anne-Sophie Martuchou, agence \u00e9v\u00e8nementielle\" \/><figcaption class=\"elementor-image-carousel-caption\">Ann'events<\/figcaption><\/figure><\/div><div class=\"swiper-slide\" role=\"group\" aria-roledescription=\"slide\" aria-label=\"11 sur 11\"><figure class=\"swiper-slide-inner\"><img decoding=\"async\" class=\"swiper-slide-image\" src=\"https:\/\/www.manuelvzcorporate.com\/wp-content\/uploads\/2025\/09\/Image1-150x150.png\" alt=\"A la Une event &amp; voyage\" \/><figcaption class=\"elementor-image-carousel-caption\">A la Une<\/figcaption><\/figure><\/div>\t\t\t<\/div>\n\t\t\t\t\t\t\t\t\t\t\t\t<div class=\"elementor-swiper-button elementor-swiper-button-prev\" role=\"button\" tabindex=\"0\">\n\t\t\t\t\t\t<i aria-hidden=\"true\" class=\"eicon-chevron-left\"><\/i>\t\t\t\t\t<\/div>\n\t\t\t\t\t<div class=\"elementor-swiper-button elementor-swiper-button-next\" role=\"button\" tabindex=\"0\">\n\t\t\t\t\t\t<i aria-hidden=\"true\" class=\"eicon-chevron-right\"><\/i>\t\t\t\t\t<\/div>\n\t\t\t\t\n\t\t\t\t\t\t\t\t\t<\/div>\n\t\t\t\t\t\t<\/div>\n\t\t\t\t<\/div>\n\t\t\t\t\t<\/div>\n\t\t<\/div>\n\t\t\t\t\t<\/div>\n\t\t<\/section>\n\t\t<div class=\"elementor-element elementor-element-f8bb007 e-flex e-con-boxed e-con e-parent\" data-id=\"f8bb007\" data-element_type=\"container\">\n\t\t\t\t\t<div class=\"e-con-inner\">\n\t\t\t\t<div class=\"elementor-element elementor-element-84102ef elementor-widget elementor-widget-button\" data-id=\"84102ef\" data-element_type=\"widget\" data-widget_type=\"button.default\">\n\t\t\t\t<div class=\"elementor-widget-container\">\n\t\t\t\t\t\t\t\t\t<div class=\"elementor-button-wrapper\">\n\t\t\t\t\t<a class=\"elementor-button elementor-button-link elementor-size-sm\" href=\"https:\/\/www.manuelvzcorporate.com\/en\/contact-manuel-vz\/\">\n\t\t\t\t\t\t<span class=\"elementor-button-content-wrapper\">\n\t\t\t\t\t\t\t\t\t<span class=\"elementor-button-text\">Demander un devis<\/span>\n\t\t\t\t\t<\/span>\n\t\t\t\t\t<\/a>\n\t\t\t\t<\/div>\n\t\t\t\t\t\t\t\t<\/div>\n\t\t\t\t<\/div>\n\t\t\t\t\t<\/div>\n\t\t\t\t<\/div>\n\t\t\t\t<\/div>","protected":false},"excerpt":{"rendered":"<p>Photographe Corporate \u00e0 Toulouse Professionnel au Service de Votre Marque Photographe corporate et culinaire \u00e0 Toulouse, je transforme vos \u00e9v\u00e9nements et vos cr\u00e9ations en images percutantes et m\u00e9morables. Avec une approche sur-mesure et cr\u00e9ative, je consacre un temps d\u00e9di\u00e9 \u00e0 la direction artistique pour comprendre vos besoins et vous proposer des solutions uniques et align\u00e9es [&hellip;]<\/p>","protected":false},"author":1,"featured_media":0,"parent":0,"menu_order":0,"comment_status":"closed","ping_status":"closed","template":"","meta":{"_uag_custom_page_level_css":"","site-sidebar-layout":"no-sidebar","site-content-layout":"page-builder","ast-site-content-layout":"full-width-container","site-content-style":"unboxed","site-sidebar-style":"unboxed","ast-global-header-display":"","ast-banner-title-visibility":"","ast-main-header-display":"","ast-hfb-above-header-display":"","ast-hfb-below-header-display":"","ast-hfb-mobile-header-display":"","site-post-title":"disabled","ast-breadcrumbs-content":"","ast-featured-img":"disabled","footer-sml-layout":"","ast-disable-related-posts":"","theme-transparent-header-meta":"enabled","adv-header-id-meta":"","stick-header-meta":"","header-above-stick-meta":"","header-main-stick-meta":"","header-below-stick-meta":"","astra-migrate-meta-layouts":"set","ast-page-background-enabled":"default","ast-page-background-meta":{"desktop":{"background-color":"","background-image":"","background-repeat":"repeat","background-position":"center center","background-size":"auto","background-attachment":"scroll","background-type":"","background-media":"","overlay-type":"","overlay-color":"","overlay-opacity":"","overlay-gradient":""},"tablet":{"background-color":"","background-image":"","background-repeat":"repeat","background-position":"center center","background-size":"auto","background-attachment":"scroll","background-type":"","background-media":"","overlay-type":"","overlay-color":"","overlay-opacity":"","overlay-gradient":""},"mobile":{"background-color":"","background-image":"","background-repeat":"repeat","background-position":"center center","background-size":"auto","background-attachment":"scroll","background-type":"","background-media":"","overlay-type":"","overlay-color":"","overlay-opacity":"","overlay-gradient":""}},"ast-content-background-meta":{"desktop":{"background-color":"var(--ast-global-color-5)","background-image":"","background-repeat":"repeat","background-position":"center center","background-size":"auto","background-attachment":"scroll","background-type":"","background-media":"","overlay-type":"","overlay-color":"","overlay-opacity":"","overlay-gradient":""},"tablet":{"background-color":"var(--ast-global-color-5)","background-image":"","background-repeat":"repeat","background-position":"center center","background-size":"auto","background-attachment":"scroll","background-type":"","background-media":"","overlay-type":"","overlay-color":"","overlay-opacity":"","overlay-gradient":""},"mobile":{"background-color":"var(--ast-global-color-5)","background-image":"","background-repeat":"repeat","background-position":"center center","background-size":"auto","background-attachment":"scroll","background-type":"","background-media":"","overlay-type":"","overlay-color":"","overlay-opacity":"","overlay-gradient":""}},"footnotes":""},"class_list":["post-7499","page","type-page","status-publish","hentry"],"yoast_head":"<!-- This site is optimized with the Yoast SEO plugin v26.8 - https:\/\/yoast.com\/product\/yoast-seo-wordpress\/ -->\n<title>Photographe \u00e9v\u00e9nementiel corporate<\/title>\n<meta name=\"description\" content=\"Photographe \u00e9v\u00e9nementiel corporate : Reportages, portraits et clich\u00e9s align\u00e9s sur votre marque pour une communication visuelle percutante.\" \/>\n<meta name=\"robots\" content=\"index, follow, max-snippet:-1, max-image-preview:large, max-video-preview:-1\" \/>\n<link rel=\"canonical\" href=\"https:\/\/www.manuelvzcorporate.com\/en\/\" \/>\n<meta property=\"og:locale\" content=\"en_GB\" \/>\n<meta property=\"og:type\" content=\"article\" \/>\n<meta property=\"og:title\" content=\"Photographe \u00e9v\u00e9nementiel corporate\" \/>\n<meta property=\"og:description\" content=\"Photographe \u00e9v\u00e9nementiel corporate : Reportages, portraits et clich\u00e9s align\u00e9s sur votre marque pour une communication visuelle percutante.\" \/>\n<meta property=\"og:url\" content=\"https:\/\/www.manuelvzcorporate.com\/en\/\" \/>\n<meta property=\"og:site_name\" content=\"Manuel VZ\" \/>\n<meta property=\"article:modified_time\" content=\"2025-12-22T09:20:49+00:00\" \/>\n<meta property=\"og:image\" content=\"https:\/\/www.manuelvzcorporate.com\/wp-content\/uploads\/2025\/08\/soireegalaandes513.webp\" \/>\n\t<meta property=\"og:image:width\" content=\"1920\" \/>\n\t<meta property=\"og:image:height\" content=\"1280\" \/>\n\t<meta property=\"og:image:type\" content=\"image\/webp\" \/>\n<meta name=\"twitter:card\" content=\"summary_large_image\" \/>\n<meta name=\"twitter:label1\" content=\"Estimated reading time\" \/>\n\t<meta name=\"twitter:data1\" content=\"10 minutes\" \/>\n<script type=\"application\/ld+json\" class=\"yoast-schema-graph\">{\"@context\":\"https:\/\/schema.org\",\"@graph\":[{\"@type\":\"WebPage\",\"@id\":\"https:\/\/www.manuelvzcorporate.com\/\",\"url\":\"https:\/\/www.manuelvzcorporate.com\/\",\"name\":\"Photographe \u00e9v\u00e9nementiel corporate\",\"isPartOf\":{\"@id\":\"https:\/\/www.manuelvzcorporate.com\/#website\"},\"primaryImageOfPage\":{\"@id\":\"https:\/\/www.manuelvzcorporate.com\/#primaryimage\"},\"image\":{\"@id\":\"https:\/\/www.manuelvzcorporate.com\/#primaryimage\"},\"thumbnailUrl\":\"https:\/\/www.manuelvzcorporate.com\/wp-content\/uploads\/2025\/08\/soireegalaandes513-1024x683.webp\",\"datePublished\":\"2025-08-25T16:56:57+00:00\",\"dateModified\":\"2025-12-22T09:20:49+00:00\",\"description\":\"Photographe \u00e9v\u00e9nementiel corporate : Reportages, portraits et clich\u00e9s align\u00e9s sur votre marque pour une communication visuelle percutante.\",\"breadcrumb\":{\"@id\":\"https:\/\/www.manuelvzcorporate.com\/#breadcrumb\"},\"inLanguage\":\"en-GB\",\"potentialAction\":[{\"@type\":\"ReadAction\",\"target\":[\"https:\/\/www.manuelvzcorporate.com\/\"]}]},{\"@type\":\"ImageObject\",\"inLanguage\":\"en-GB\",\"@id\":\"https:\/\/www.manuelvzcorporate.com\/#primaryimage\",\"url\":\"https:\/\/www.manuelvzcorporate.com\/wp-content\/uploads\/2025\/08\/soireegalaandes513-1024x683.webp\",\"contentUrl\":\"https:\/\/www.manuelvzcorporate.com\/wp-content\/uploads\/2025\/08\/soireegalaandes513-1024x683.webp\"},{\"@type\":\"BreadcrumbList\",\"@id\":\"https:\/\/www.manuelvzcorporate.com\/#breadcrumb\",\"itemListElement\":[{\"@type\":\"ListItem\",\"position\":1,\"name\":\"Accueil\",\"item\":\"https:\/\/www.manuelvzcorporate.com\/\"},{\"@type\":\"ListItem\",\"position\":2,\"name\":\"Manuel VZ corporate\"}]},{\"@type\":\"WebSite\",\"@id\":\"https:\/\/www.manuelvzcorporate.com\/#website\",\"url\":\"https:\/\/www.manuelvzcorporate.com\/\",\"name\":\"Manuel VZ\",\"description\":\"Outdoor Sports Adventure Website\",\"publisher\":{\"@id\":\"https:\/\/www.manuelvzcorporate.com\/#organization\"},\"potentialAction\":[{\"@type\":\"SearchAction\",\"target\":{\"@type\":\"EntryPoint\",\"urlTemplate\":\"https:\/\/www.manuelvzcorporate.com\/?s={search_term_string}\"},\"query-input\":{\"@type\":\"PropertyValueSpecification\",\"valueRequired\":true,\"valueName\":\"search_term_string\"}}],\"inLanguage\":\"en-GB\"},{\"@type\":\"Organization\",\"@id\":\"https:\/\/www.manuelvzcorporate.com\/#organization\",\"name\":\"Manuel VZ\",\"url\":\"https:\/\/www.manuelvzcorporate.com\/\",\"logo\":{\"@type\":\"ImageObject\",\"inLanguage\":\"en-GB\",\"@id\":\"https:\/\/www.manuelvzcorporate.com\/#\/schema\/logo\/image\/\",\"url\":\"https:\/\/www.manuelvzcorporate.com\/wp-content\/uploads\/2025\/08\/VZ.png\",\"contentUrl\":\"https:\/\/www.manuelvzcorporate.com\/wp-content\/uploads\/2025\/08\/VZ.png\",\"width\":500,\"height\":500,\"caption\":\"Manuel VZ\"},\"image\":{\"@id\":\"https:\/\/www.manuelvzcorporate.com\/#\/schema\/logo\/image\/\"}}]}<\/script>\n<!-- \/ Yoast SEO plugin. -->","yoast_head_json":{"title":"Photographe \u00e9v\u00e9nementiel corporate","description":"Photographe \u00e9v\u00e9nementiel corporate : Reportages, portraits et clich\u00e9s align\u00e9s sur votre marque pour une communication visuelle percutante.","robots":{"index":"index","follow":"follow","max-snippet":"max-snippet:-1","max-image-preview":"max-image-preview:large","max-video-preview":"max-video-preview:-1"},"canonical":"https:\/\/www.manuelvzcorporate.com\/en\/","og_locale":"en_GB","og_type":"article","og_title":"Photographe \u00e9v\u00e9nementiel corporate","og_description":"Photographe \u00e9v\u00e9nementiel corporate : Reportages, portraits et clich\u00e9s align\u00e9s sur votre marque pour une communication visuelle percutante.","og_url":"https:\/\/www.manuelvzcorporate.com\/en\/","og_site_name":"Manuel VZ","article_modified_time":"2025-12-22T09:20:49+00:00","og_image":[{"width":1920,"height":1280,"url":"https:\/\/www.manuelvzcorporate.com\/wp-content\/uploads\/2025\/08\/soireegalaandes513.webp","type":"image\/webp"}],"twitter_card":"summary_large_image","twitter_misc":{"Estimated reading time":"10 minutes"},"schema":{"@context":"https:\/\/schema.org","@graph":[{"@type":"WebPage","@id":"https:\/\/www.manuelvzcorporate.com\/","url":"https:\/\/www.manuelvzcorporate.com\/","name":"Photographe \u00e9v\u00e9nementiel corporate","isPartOf":{"@id":"https:\/\/www.manuelvzcorporate.com\/#website"},"primaryImageOfPage":{"@id":"https:\/\/www.manuelvzcorporate.com\/#primaryimage"},"image":{"@id":"https:\/\/www.manuelvzcorporate.com\/#primaryimage"},"thumbnailUrl":"https:\/\/www.manuelvzcorporate.com\/wp-content\/uploads\/2025\/08\/soireegalaandes513-1024x683.webp","datePublished":"2025-08-25T16:56:57+00:00","dateModified":"2025-12-22T09:20:49+00:00","description":"Photographe \u00e9v\u00e9nementiel corporate : Reportages, portraits et clich\u00e9s align\u00e9s sur votre marque pour une communication visuelle percutante.","breadcrumb":{"@id":"https:\/\/www.manuelvzcorporate.com\/#breadcrumb"},"inLanguage":"en-GB","potentialAction":[{"@type":"ReadAction","target":["https:\/\/www.manuelvzcorporate.com\/"]}]},{"@type":"ImageObject","inLanguage":"en-GB","@id":"https:\/\/www.manuelvzcorporate.com\/#primaryimage","url":"https:\/\/www.manuelvzcorporate.com\/wp-content\/uploads\/2025\/08\/soireegalaandes513-1024x683.webp","contentUrl":"https:\/\/www.manuelvzcorporate.com\/wp-content\/uploads\/2025\/08\/soireegalaandes513-1024x683.webp"},{"@type":"BreadcrumbList","@id":"https:\/\/www.manuelvzcorporate.com\/#breadcrumb","itemListElement":[{"@type":"ListItem","position":1,"name":"Accueil","item":"https:\/\/www.manuelvzcorporate.com\/"},{"@type":"ListItem","position":2,"name":"Manuel VZ corporate"}]},{"@type":"WebSite","@id":"https:\/\/www.manuelvzcorporate.com\/#website","url":"https:\/\/www.manuelvzcorporate.com\/","name":"Manuel VZ","description":"Outdoor Sports Adventure Website","publisher":{"@id":"https:\/\/www.manuelvzcorporate.com\/#organization"},"potentialAction":[{"@type":"SearchAction","target":{"@type":"EntryPoint","urlTemplate":"https:\/\/www.manuelvzcorporate.com\/?s={search_term_string}"},"query-input":{"@type":"PropertyValueSpecification","valueRequired":true,"valueName":"search_term_string"}}],"inLanguage":"en-GB"},{"@type":"Organization","@id":"https:\/\/www.manuelvzcorporate.com\/#organization","name":"Manuel VZ","url":"https:\/\/www.manuelvzcorporate.com\/","logo":{"@type":"ImageObject","inLanguage":"en-GB","@id":"https:\/\/www.manuelvzcorporate.com\/#\/schema\/logo\/image\/","url":"https:\/\/www.manuelvzcorporate.com\/wp-content\/uploads\/2025\/08\/VZ.png","contentUrl":"https:\/\/www.manuelvzcorporate.com\/wp-content\/uploads\/2025\/08\/VZ.png","width":500,"height":500,"caption":"Manuel VZ"},"image":{"@id":"https:\/\/www.manuelvzcorporate.com\/#\/schema\/logo\/image\/"}}]}},"uagb_featured_image_src":{"full":false,"thumbnail":false,"medium":false,"medium_large":false,"large":false,"1536x1536":false,"2048x2048":false,"trp-custom-language-flag":false},"uagb_author_info":{"display_name":"Manuel VZ","author_link":"https:\/\/www.manuelvzcorporate.com\/en\/author\/lk71p\/"},"uagb_comment_info":0,"uagb_excerpt":"Photographe Corporate \u00e0 Toulouse Professionnel au Service de Votre Marque Photographe corporate et culinaire \u00e0 Toulouse, je transforme vos \u00e9v\u00e9nements et vos cr\u00e9ations en images percutantes et m\u00e9morables. Avec une approche sur-mesure et cr\u00e9ative, je consacre un temps d\u00e9di\u00e9 \u00e0 la direction artistique pour comprendre vos besoins et vous proposer des solutions uniques et align\u00e9es&hellip;","_links":{"self":[{"href":"https:\/\/www.manuelvzcorporate.com\/en\/wp-json\/wp\/v2\/pages\/7499","targetHints":{"allow":["GET"]}}],"collection":[{"href":"https:\/\/www.manuelvzcorporate.com\/en\/wp-json\/wp\/v2\/pages"}],"about":[{"href":"https:\/\/www.manuelvzcorporate.com\/en\/wp-json\/wp\/v2\/types\/page"}],"author":[{"embeddable":true,"href":"https:\/\/www.manuelvzcorporate.com\/en\/wp-json\/wp\/v2\/users\/1"}],"replies":[{"embeddable":true,"href":"https:\/\/www.manuelvzcorporate.com\/en\/wp-json\/wp\/v2\/comments?post=7499"}],"version-history":[{"count":130,"href":"https:\/\/www.manuelvzcorporate.com\/en\/wp-json\/wp\/v2\/pages\/7499\/revisions"}],"predecessor-version":[{"id":8073,"href":"https:\/\/www.manuelvzcorporate.com\/en\/wp-json\/wp\/v2\/pages\/7499\/revisions\/8073"}],"wp:attachment":[{"href":"https:\/\/www.manuelvzcorporate.com\/en\/wp-json\/wp\/v2\/media?parent=7499"}],"curies":[{"name":"wp","href":"https:\/\/api.w.org\/{rel}","templated":true}]}}